{"id":3794,"date":"2022-02-28T19:31:42","date_gmt":"2022-02-28T18:31:42","guid":{"rendered":"https:\/\/i-care.local\/careers\/"},"modified":"2025-07-25T15:50:21","modified_gmt":"2025-07-25T13:50:21","slug":"carrieres","status":"publish","type":"page","link":"https:\/\/www.icareweb.com\/fr\/carrieres\/","title":{"rendered":"Carri\u00e8res"},"content":{"rendered":"\n<div class=\"wp-block-group alignfull icare-hero is-style-shade-right-top has-background has-global-padding is-layout-constrained wp-block-group-is-layout-constrained\" style=\"background:linear-gradient(135deg,rgb(247,248,253) 0%,rgba(247,248,252,0.49) 100%);margin-top:0;margin-bottom:0;padding-top:var(--wp--preset--spacing--medium);padding-bottom:var(--wp--preset--spacing--xx-large);--octopods-group-overlay-gradient:linear-gradient(121deg,rgba(6,147,227,1) 0%,rgb(155,81,224) 100%);--octopods-group-overflow:hidden;--octopods-group-position:relative\">\n<div style=\"height:150px\" aria-hidden=\"true\" class=\"wp-block-spacer\"><\/div>\n\n\n\n<div class=\"wp-block-group has-primary-color has-text-color has-link-color wp-elements-351d0fe17383efa6da5cc38fea4060be has-global-padding is-layout-constrained wp-container-core-group-is-layout-639b5052 wp-block-group-is-layout-constrained\" style=\"border-radius:50px;padding-top:0;padding-right:0;padding-bottom:0;padding-left:0\"><\/div>\n\n\n\n<div class=\"wp-block-group icare-hero__content is-content-justification-space-between is-nowrap is-layout-flex wp-container-core-group-is-layout-cb46ffcb wp-block-group-is-layout-flex\" style=\"min-height:35vh;--octopods-group-z-index:2;aspect-ratio:unset;\">\n<div class=\"wp-block-columns are-vertically-aligned-center is-style-columns-reverse wp-container-content-9cfa9a5a is-layout-flex wp-container-core-columns-is-layout-28f84493 wp-block-columns-is-layout-flex\">\n<div class=\"wp-block-column is-vertically-aligned-center is-layout-flow wp-block-column-is-layout-flow\" data-aos=\"fade\" data-aos-duration=\"900\" data-aos-easing=\"ease-in-out\" data-aos-once=\"true\">\n<div class=\"wp-block-group is-layout-flow wp-block-group-is-layout-flow\" style=\"padding-right:35px\">\n<h1 class=\"wp-block-heading\">Rejoignez notre \u00e9quipe<\/h1>\n\n\n\n<p style=\"font-size:clamp(0.875rem, 0.875rem + ((1vw - 0.2rem) * 0.531), 1.3rem);\">Venez d\u00e9velopper votre carri\u00e8re chez I-care, o\u00f9 notre \u00e9quipe diversifi\u00e9e et d\u00e9vou\u00e9e rel\u00e8ve chaque jour de nouveaux d\u00e9fis.<\/p>\n\n\n\n<div class=\"wp-block-buttons is-layout-flex wp-block-buttons-is-layout-flex\">\n<div class=\"wp-block-button\"><a class=\"wp-block-button__link wp-element-button\" href=\"#icare-more-content\">En savoir plus<\/a><\/div>\n<\/div>\n\n\n\n<div style=\"height:2vw\" aria-hidden=\"true\" class=\"wp-block-spacer\"><\/div>\n<\/div>\n<\/div>\n\n\n\n<div class=\"wp-block-column is-vertically-aligned-center is-layout-flow wp-block-column-is-layout-flow\" data-aos=\"fade-right\" data-aos-duration=\"900\" data-aos-easing=\"ease-in-out\" data-aos-once=\"true\">\n<div class=\"wp-block-group has-global-padding is-layout-constrained wp-block-group-is-layout-constrained\" style=\"--octopods-group-position:relative\">\n<figure class=\"wp-block-image size-full has-custom-border\"><img alt=\"\" decoding=\"async\" src=\"https:\/\/www.icareweb.com\/wp-content\/uploads\/2025\/07\/team-icare-bagpack-01-edited.jpg\" alt=\"\" class=\"wp-image-51155\" style=\"border-radius:20px;box-shadow:var(--wp--preset--shadow--deep);aspect-ratio:4\/3;object-fit:cover\"\/><\/figure>\n<\/div>\n<\/div>\n<\/div>\n<\/div>\n\n\n\n<div class=\"wp-block-group alignfull icare-hero__divider is-layout-flow wp-block-group-is-layout-flow\" style=\"margin-top:0px;margin-bottom:0px;--octopods-group-position:absolute;--octopods-group-bottom:0px;--octopods-group-left:0px;--octopods-group-right:0px\">\n<div style=\"min-height:350px;margin-top:0px;--octopods-divider-shape-color:#ffffff;--octopods-divider-icon-color:;--octopods-divider-icon-size:20px;--octopods-divider-icon-align:center;--octopods-divider-icon-justify:center\" class=\"wp-block-octopods-divider alignfull\"><div class=\"wp-block-octopods-divider__shape\"><svg xmlns=\"http:\/\/www.w3.org\/2000\/svg\" aria-hidden=\"true\" class=\"curve-layered-asymmetrical_svg__octopods-divider-svg curve-layered-asymmetrical_svg__octopods-divider-svg--curve-asymmetrical\" preserveAspectRatio=\"none\" viewBox=\"0 0 1000 100\"><path d=\"M1000 0v100H0V40C29.7 10.3 977.4 0 999.6 0z\" opacity=\"0.5\"><\/path><path d=\"M1000 0v100H0V70C59.5 10.5 985.3 0 999.8 0z\" opacity=\"0.5\"><\/path><path d=\"M1000 0v100H.1C89.1 10.9 971.8 0 999.4 0z\"><\/path><\/svg><\/div><\/div>\n<\/div>\n<\/div>\n\n\n\n<div class=\"wp-block-getwid-anchor\" id=\"icare-more-content\"><\/div>\n\n\n\n<div class=\"wp-block-group alignfull is-style-default has-global-padding is-layout-constrained wp-block-group-is-layout-constrained\" style=\"margin-top:0;margin-bottom:0;padding-top:var(--wp--preset--spacing--small);padding-bottom:var(--wp--preset--spacing--large);--octopods-group-z-index:\">\n<div class=\"wp-block-columns are-vertically-aligned-center is-layout-flex wp-container-core-columns-is-layout-28f84493 wp-block-columns-is-layout-flex\">\n<div class=\"wp-block-column is-vertically-aligned-center is-layout-flow wp-block-column-is-layout-flow\">\n<figure class=\"wp-block-embed is-type-video is-provider-youtube wp-block-embed-youtube wp-embed-aspect-16-9 wp-has-aspect-ratio\"><div class=\"wp-block-embed__wrapper\">\n<iframe loading=\"lazy\" title=\"Meet Bj\u00f6rn Gansemans, PdM engineer at I-care\" width=\"500\" height=\"281\" src=\"https:\/\/www.youtube.com\/embed\/zDYFu17CFuU?feature=oembed&#038;enablejsapi=1&#038;origin=https:\/\/www.icareweb.com\" frameborder=\"0\" allow=\"accelerometer; autoplay; clipboard-write; encrypted-media; gyroscope; picture-in-picture; web-share\" referrerpolicy=\"strict-origin-when-cross-origin\" allowfullscreen><\/iframe>\n<\/div><\/figure>\n<\/div>\n\n\n\n<div class=\"wp-block-column is-vertically-aligned-center is-layout-flow wp-container-core-column-is-layout-c7b3064f wp-block-column-is-layout-flow\">\n<div class=\"wp-block-group is-vertical is-layout-flex wp-container-core-group-is-layout-fe9cc265 wp-block-group-is-layout-flex\">\n<h2 class=\"wp-block-heading\">Vivre. Travailler. Grandir.<\/h2>\n<\/div>\n\n\n\n<div class=\"wp-block-group is-vertical is-content-justification-left is-layout-flex wp-container-core-group-is-layout-f8b30b0c wp-block-group-is-layout-flex\">\n<p class=\"has-text-align-left\">I-care est en route pour devenir le leader mondial des solutions de maintenance pr\u00e9dictive et prescriptive. Nous recherchons des candidats qui sont ax\u00e9s sur leur mission, qui sont ax\u00e9s sur les donn\u00e9es et qui, par-dessus tout, ont un \u00e9tat d&#8217;esprit de croissance.<\/p>\n\n\n\n<p class=\"has-text-align-left\">Nous sommes fiers d&#8217;embaucher des personnes talentueuses venant de tous les horizons et ayant une formation technique ou non.<\/p>\n<\/div>\n\n\n\n<div class=\"wp-block-group has-global-padding is-layout-constrained wp-container-core-group-is-layout-7d0d3654 wp-block-group-is-layout-constrained\">\n<div class=\"wp-block-group is-style-default has-primary-color has-text-color has-link-color wp-elements-eccfb0fb33cf974f27315f011f416cec wp-container-content-69bc4bdf is-nowrap is-layout-flex wp-container-core-group-is-layout-6f7095ac wp-block-group-is-layout-flex\" style=\"border-radius:20px;padding-top:0;padding-right:0;padding-bottom:0;padding-left:0;--octopods-group-position:relative\">\n<div class=\"wp-block-getwid-icon\"><div class=\"wp-block-getwid-icon__wrapper\" style=\"font-size:30px;padding:0px\"><i class=\"ph-duotone ph-handshake\"><\/i><\/div><\/div>\n\n\n\n<h4 class=\"wp-block-heading has-text-align-center\">Opportunit\u00e9s de carri\u00e8re<\/h4>\n<\/div>\n\n\n\n<div class=\"wp-block-group is-style-default has-primary-color has-text-color has-link-color wp-elements-89639ff79262dfef79e443985fc5c8ea wp-container-content-69bc4bdf is-nowrap is-layout-flex wp-container-core-group-is-layout-6f7095ac wp-block-group-is-layout-flex\" style=\"border-radius:20px;padding-top:0;padding-right:0;padding-bottom:0;padding-left:0;--octopods-group-position:relative\">\n<div class=\"wp-block-getwid-icon\"><div class=\"wp-block-getwid-icon__wrapper\" style=\"font-size:30px;padding:0px\"><i class=\"ph-duotone ph-globe-hemisphere-west\"><\/i><\/div><\/div>\n\n\n\n<h4 class=\"wp-block-heading has-text-align-center\">\u00c9quipe dynamique et internationale<\/h4>\n<\/div>\n\n\n\n<div class=\"wp-block-group is-style-default has-primary-color has-text-color has-link-color wp-elements-d11e4fbc062ac42c16ec71033cad168a wp-container-content-69bc4bdf is-nowrap is-layout-flex wp-container-core-group-is-layout-6f7095ac wp-block-group-is-layout-flex\" style=\"border-radius:20px;padding-top:0;padding-right:0;padding-bottom:0;padding-left:0;--octopods-group-position:relative\">\n<div class=\"wp-block-getwid-icon\"><div class=\"wp-block-getwid-icon__wrapper\" style=\"font-size:30px;padding:0px\"><i class=\"far fa-lightbulb\"><\/i><\/div><\/div>\n\n\n\n<h4 class=\"wp-block-heading has-text-align-center\">Environnement agile<\/h4>\n<\/div>\n\n\n\n<div class=\"wp-block-group is-style-default has-primary-color has-text-color has-link-color wp-elements-c7be51a045e834d44dfd7deae5f3b6f7 wp-container-content-69bc4bdf is-nowrap is-layout-flex wp-container-core-group-is-layout-6f7095ac wp-block-group-is-layout-flex\" style=\"border-radius:20px;padding-top:0;padding-right:0;padding-bottom:0;padding-left:0;--octopods-group-position:relative\">\n<div class=\"wp-block-getwid-icon\"><div class=\"wp-block-getwid-icon__wrapper\" style=\"font-size:30px;padding:0px\"><i class=\"ph-duotone ph-chart-line-up\"><\/i><\/div><\/div>\n\n\n\n<h4 class=\"wp-block-heading has-text-align-center\">25 % de croissance par an depuis 2004<\/h4>\n<\/div>\n<\/div>\n\n\n\n<div class=\"wp-block-buttons is-layout-flex wp-block-buttons-is-layout-flex\">\n<div class=\"wp-block-button\"><a class=\"wp-block-button__link has-secondary-background-color has-background wp-element-button\" href=\"https:\/\/jobpage.cvwarehouse.com\/?companyGuid=a24ffcf5-b5fa-4bd8-87e6-f2f6b7d967c8&amp;lang=en-US\" target=\"_blank\" rel=\"noreferrer noopener\">D\u00e9couvrir nos postes vacants<\/a><\/div>\n<\/div>\n<\/div>\n<\/div>\n<\/div>\n\n\n\n<div class=\"wp-block-group alignfull has-global-padding is-layout-constrained wp-container-core-group-is-layout-61fdcf4f wp-block-group-is-layout-constrained\" style=\"padding-top:var(--wp--preset--spacing--x-large);padding-bottom:var(--wp--preset--spacing--large);--octopods-group-z-index:2\">\n<div class=\"wp-block-group has-global-padding is-layout-constrained wp-container-core-group-is-layout-4b2aa5a2 wp-block-group-is-layout-constrained\">\n<h2 class=\"wp-block-heading has-text-align-center\">Fonctions mises en avant<\/h2>\n\n\n\n<p class=\"has-text-align-center\">La croissance constante d&#8217;I-care au fil des ans a offert de nombreuses opportunit\u00e9s de carri\u00e8re uniques et stimulantes pour les candidats techniques et non techniques. <br>Voici un aper\u00e7u de quelques-unes de nos offres d&#8217;emploi les plus populaires.<\/p>\n<\/div>\n\n\n\n<div class=\"wp-block-group is-layout-grid wp-container-core-group-is-layout-988b637e wp-block-group-is-layout-grid\" style=\"--octopods-group-grid-columns-tablet:undefined;--octopods-group-grid-columns-mobile:undefined\">\n<div class=\"wp-block-group is-style-default has-contrast-color has-base-background-color has-text-color has-background has-link-color wp-elements-65aee2c7d56e40fcacc132a2086e2029 wp-container-content-2155ee95 is-vertical is-content-justification-center is-layout-flex wp-container-core-group-is-layout-15fbba4b wp-block-group-is-layout-flex\" style=\"border-radius:20px;padding-top:var(--wp--preset--spacing--small);padding-right:var(--wp--preset--spacing--small);padding-bottom:var(--wp--preset--spacing--small);padding-left:var(--wp--preset--spacing--small);--octopods-group-box-shadow:rgba(48,75,130,.15) 0 0 20px 0;--octopods-group-position:relative\">\n<h4 class=\"wp-block-heading has-text-align-center\"><mark style=\"background-color:rgba(0, 0, 0, 0)\" class=\"has-inline-color has-primary-color\">Ing\u00e9nieur.e en maintenance pr\u00e9dictive<\/mark><\/h4>\n\n\n\n<p class=\"has-text-align-center\">En tant qu&#8217;ing\u00e9nieur.e PdM, vous collectez et analysez des donn\u00e9es pour pr\u00e9voir les d\u00e9faillances des machines. En utilisant les donn\u00e9es sur les vibrations, par exemple, vous serez en mesure de pr\u00e9venir les temps d&#8217;arr\u00eat impr\u00e9vus gr\u00e2ce \u00e0 une meilleure programmation des actions de maintenance pr\u00e9ventive.<\/p>\n<\/div>\n\n\n\n<div class=\"wp-block-group is-style-default has-contrast-color has-base-background-color has-text-color has-background has-link-color wp-elements-681df1e8b4b3103370d04ae15215d6a6 wp-container-content-2155ee95 is-vertical is-content-justification-center is-layout-flex wp-container-core-group-is-layout-c50212fe wp-block-group-is-layout-flex\" style=\"border-radius:20px;padding-top:var(--wp--preset--spacing--small);padding-right:var(--wp--preset--spacing--small);padding-bottom:var(--wp--preset--spacing--small);padding-left:var(--wp--preset--spacing--small);--octopods-group-box-shadow:rgba(48,75,130,.15) 0 0 20px 0;--octopods-group-position:relative\">\n<h4 class=\"wp-block-heading has-text-align-center\"><mark style=\"background-color:rgba(0, 0, 0, 0)\" class=\"has-inline-color has-primary-color\">Ing\u00e9nieur.e en fiabilit\u00e9<\/mark><br><\/h4>\n\n\n\n<p class=\"has-text-align-center\">L&#8217;ing\u00e9nieur.e en fiabilit\u00e9 est un expert qui sait identifier les probl\u00e8mes potentiels et en pr\u00e9venir le plus grand nombre possible. Comme il est difficile d&#8217;\u00e9viter compl\u00e8tement les probl\u00e8mes d&#8217;\u00e9quipement, les ing\u00e9nieurs en fiabilit\u00e9 fournissent \u00e9galement des conseils pour g\u00e9rer les pannes qui se produisent.<\/p>\n<\/div>\n\n\n\n<div class=\"wp-block-group is-style-default has-contrast-color has-base-background-color has-text-color has-background has-link-color wp-elements-7dba3738b149c91f2ee6c9ea2d91dfc0 wp-container-content-2155ee95 is-vertical is-content-justification-center is-layout-flex wp-container-core-group-is-layout-c50212fe wp-block-group-is-layout-flex\" style=\"border-radius:20px;padding-top:var(--wp--preset--spacing--small);padding-right:var(--wp--preset--spacing--small);padding-bottom:var(--wp--preset--spacing--small);padding-left:var(--wp--preset--spacing--small);--octopods-group-box-shadow:rgba(48,75,130,.15) 0 0 20px 0;--octopods-group-position:relative\">\n<h4 class=\"wp-block-heading has-text-align-center\"><mark style=\"background-color:rgba(0, 0, 0, 0)\" class=\"has-inline-color has-primary-color\">Data<\/mark><br><mark style=\"background-color:rgba(0, 0, 0, 0)\" class=\"has-inline-color has-primary-color\">Scientist<\/mark><\/h4>\n\n\n\n<p class=\"has-text-align-center\">En tant que data scientist, vous faites passer les donn\u00e9es relatives \u00e0 la sant\u00e9 des machines au niveau sup\u00e9rieur. Gr\u00e2ce aux algorithmes que vous concevez, l&#8217;analyse des vibrations peut \u00eatre automatis\u00e9e et les anomalies peuvent \u00eatre d\u00e9tect\u00e9es bien plus t\u00f4t qu&#8217;avec les m\u00e9thodes conventionnelles.<\/p>\n<\/div>\n<\/div>\n\n\n\n<div class=\"wp-block-buttons is-content-justification-center is-layout-flex wp-container-core-buttons-is-layout-a89b3969 wp-block-buttons-is-layout-flex\">\n<div class=\"wp-block-button\"><a class=\"wp-block-button__link has-secondary-background-color has-background wp-element-button\" href=\"https:\/\/jobpage.cvwarehouse.com\/?companyGuid=a24ffcf5-b5fa-4bd8-87e6-f2f6b7d967c8&amp;lang=en-US\" target=\"_blank\" rel=\"noreferrer noopener\">D\u00e9couvrir nos postes vacants<\/a><\/div>\n<\/div>\n<\/div>\n\n\n\n<div style=\"min-height:50vh;margin-top:-50vh;--octopods-divider-shape-color:#F7F8FD;--octopods-divider-icon-color:;--octopods-divider-icon-size:20px;--octopods-divider-icon-align:center;--octopods-divider-icon-justify:center\" class=\"wp-block-octopods-divider alignfull\"><div class=\"wp-block-octopods-divider__shape\"><svg xmlns=\"http:\/\/www.w3.org\/2000\/svg\" class=\"angle-layered_svg__octopods-divider-svg angle-layered_svg__octopods-divider-svg--angle-layered\" preserveAspectRatio=\"none\" viewBox=\"0 0 2600 129\"><path d=\"M2600 64 0 128v1h2600z\"><\/path><path d=\"M0 129h2600V64H0z\" opacity=\"0.5\"><\/path><path d=\"M2600 64 0 0v129h2600z\" opacity=\"0.5\"><\/path><\/svg><\/div><\/div>\n\n\n\n<div class=\"wp-block-group alignfull has-neutral-accent-background-color has-background has-global-padding is-layout-constrained wp-container-core-group-is-layout-fa69ce2a wp-block-group-is-layout-constrained\" style=\"margin-top:0;margin-bottom:0;padding-top:var(--wp--preset--spacing--large);padding-bottom:var(--wp--preset--spacing--small);--octopods-group-overflow:visible\">\n<div class=\"wp-block-query is-layout-flow wp-block-query-is-layout-flow\">\n\t\t\t<div\n\t\t\t\tclass=\"octopods-post-template-swiper swiper\"\n\t\t\t\tdata-octopods-slider-slides-per-view=\"1\"\n\t\t\t\tdata-octopods-slider-effect=\"slide\"\n\t\t\t\tdata-octopods-slider-autoplay=\"false\"\n\t\t\t\tdata-octopods-slider-autoplay-delay=\"6000\"\n\t\t\t\tdata-octopods-slider-loop=\"true\"\n\t\t\t\tdata-octopods-slider-navigation=\"true\"\n\t\t\t\tdata-octopods-slider-pagination=\"\"\n\t\t\t\tdata-octopods-slider-speed=\"900\"\n\t\t\t\tstyle=\"\"\n\t\t\t>\n\n\t\t\t\t<ul class=\"wp-block-post-template is-layout-flow wp-block-post-template-is-layout-flow\"><li class=\"wp-block-post post-5217 testimonial type-testimonial status-publish has-post-thumbnail testimonial_category-employee\">\n\n<div class=\"wp-block-group has-global-padding is-layout-constrained wp-container-core-group-is-layout-d8a40a81 wp-block-group-is-layout-constrained\" style=\"--octopods-group-overflow:visible;aspect-ratio:unset;\">\n<div class=\"wp-block-group card has-border-color has-base-background-color has-background is-layout-flow wp-block-group-is-layout-flow\" style=\"border-color:#304b820f;border-width:1px;border-radius:20px;margin-top:0;margin-bottom:0;padding-top:var(--wp--preset--spacing--large);padding-right:var(--wp--preset--spacing--large);padding-bottom:var(--wp--preset--spacing--large);padding-left:var(--wp--preset--spacing--large);--octopods-group-box-shadow:rgba(48,75,130,.15) 0 0 30px 0;--octopods-group-position:relative\">\n<div class=\"wp-block-group is-layout-flow wp-block-group-is-layout-flow\" style=\"--octopods-group-z-index:3;--octopods-group-position:absolute;--octopods-group-top:10px;--octopods-group-right:10px\">\n<div class=\"wp-block-getwid-icon\"><div class=\"wp-block-getwid-icon__wrapper has-text-color has-secondary-color\"><i class=\"ph-duotone ph-quotes\"><\/i><\/div><\/div>\n<\/div>\n\n\n\n<div class=\"wp-block-group wp-container-content-9cfa9a5a is-vertical is-content-justification-stretch is-layout-flex wp-container-core-group-is-layout-58ce33a2 wp-block-group-is-layout-flex\" style=\"margin-top:0;margin-bottom:0;aspect-ratio:unset;\">\n<p>\n\t\t<blockquote class=\"wp-block-quote is-layout-flow wp-block-quote-is-layout-flow\">\n\n\t\t\t<p><p>I-care est une entreprise dynamique en pleine expansion. Nous partageons tous la passion de la technique, ce qui en fait une grande famille.<\/p>\n<\/p>\n\n\t\t\t\t\t\t\t<cite>\n\t\t\t\t\t<strong>Twan Bruins Slot &#8212; Ing\u00e9nieur PdM <\/strong>\n\t\t\t\t<\/cite>\n\t\t\t\n\t\t<\/blockquote>\n\n\t\t<\/p>\n<\/div>\n<\/div>\n<\/div>\n\n<\/li><li class=\"wp-block-post post-5218 testimonial type-testimonial status-publish has-post-thumbnail testimonial_category-employee\">\n\n<div class=\"wp-block-group has-global-padding is-layout-constrained wp-container-core-group-is-layout-d8a40a81 wp-block-group-is-layout-constrained\" style=\"--octopods-group-overflow:visible;aspect-ratio:unset;\">\n<div class=\"wp-block-group card has-border-color has-base-background-color has-background is-layout-flow wp-block-group-is-layout-flow\" style=\"border-color:#304b820f;border-width:1px;border-radius:20px;margin-top:0;margin-bottom:0;padding-top:var(--wp--preset--spacing--large);padding-right:var(--wp--preset--spacing--large);padding-bottom:var(--wp--preset--spacing--large);padding-left:var(--wp--preset--spacing--large);--octopods-group-box-shadow:rgba(48,75,130,.15) 0 0 30px 0;--octopods-group-position:relative\">\n<div class=\"wp-block-group is-layout-flow wp-block-group-is-layout-flow\" style=\"--octopods-group-z-index:3;--octopods-group-position:absolute;--octopods-group-top:10px;--octopods-group-right:10px\">\n<div class=\"wp-block-getwid-icon\"><div class=\"wp-block-getwid-icon__wrapper has-text-color has-secondary-color\"><i class=\"ph-duotone ph-quotes\"><\/i><\/div><\/div>\n<\/div>\n\n\n\n<div class=\"wp-block-group wp-container-content-9cfa9a5a is-vertical is-content-justification-stretch is-layout-flex wp-container-core-group-is-layout-58ce33a2 wp-block-group-is-layout-flex\" style=\"margin-top:0;margin-bottom:0;aspect-ratio:unset;\">\n<p>\n\t\t<blockquote class=\"wp-block-quote is-layout-flow wp-block-quote-is-layout-flow\">\n\n\t\t\t<p><p>En rejoignant I-care, je fais partie d&#8217;une famille qui se concentre sur une seule chose, nos clients, qui sont au centre de notre organisation. I-care a attir\u00e9 certains des meilleurs talents techniques de l&#8217;industrie et c&#8217;est un honneur de travailler \u00e0 leurs c\u00f4t\u00e9s alors que nous continuons \u00e0 nous d\u00e9velopper !<\/p>\n<\/p>\n\n\t\t\t\t\t\t\t<cite>\n\t\t\t\t\t<strong>Robert De La Garza &#8212; Customer Care Manager, USA<\/strong>\n\t\t\t\t<\/cite>\n\t\t\t\n\t\t<\/blockquote>\n\n\t\t<\/p>\n<\/div>\n<\/div>\n<\/div>\n\n<\/li><li class=\"wp-block-post post-5220 testimonial type-testimonial status-publish has-post-thumbnail testimonial_category-employee\">\n\n<div class=\"wp-block-group has-global-padding is-layout-constrained wp-container-core-group-is-layout-d8a40a81 wp-block-group-is-layout-constrained\" style=\"--octopods-group-overflow:visible;aspect-ratio:unset;\">\n<div class=\"wp-block-group card has-border-color has-base-background-color has-background is-layout-flow wp-block-group-is-layout-flow\" style=\"border-color:#304b820f;border-width:1px;border-radius:20px;margin-top:0;margin-bottom:0;padding-top:var(--wp--preset--spacing--large);padding-right:var(--wp--preset--spacing--large);padding-bottom:var(--wp--preset--spacing--large);padding-left:var(--wp--preset--spacing--large);--octopods-group-box-shadow:rgba(48,75,130,.15) 0 0 30px 0;--octopods-group-position:relative\">\n<div class=\"wp-block-group is-layout-flow wp-block-group-is-layout-flow\" style=\"--octopods-group-z-index:3;--octopods-group-position:absolute;--octopods-group-top:10px;--octopods-group-right:10px\">\n<div class=\"wp-block-getwid-icon\"><div class=\"wp-block-getwid-icon__wrapper has-text-color has-secondary-color\"><i class=\"ph-duotone ph-quotes\"><\/i><\/div><\/div>\n<\/div>\n\n\n\n<div class=\"wp-block-group wp-container-content-9cfa9a5a is-vertical is-content-justification-stretch is-layout-flex wp-container-core-group-is-layout-58ce33a2 wp-block-group-is-layout-flex\" style=\"margin-top:0;margin-bottom:0;aspect-ratio:unset;\">\n<p>\n\t\t<blockquote class=\"wp-block-quote is-layout-flow wp-block-quote-is-layout-flow\">\n\n\t\t\t<p><p>Alors que je commence ma carri\u00e8re, je suis heureuse d&#8217;\u00eatre dans une entreprise o\u00f9 tout le monde est tr\u00e8s compr\u00e9hensif et d&#8217;un grand soutien. I-care m&#8217;a donn\u00e9 l&#8217;occasion de me d\u00e9velopper professionnellement et d&#8217;apprendre tous les aspects du monde des affaires. Chez I-care, votre voix est entendue et vous avez vraiment l&#8217;impression de faire partie de l&#8217;\u00e9quipe !<\/p>\n<\/p>\n\n\t\t\t\t\t\t\t<cite>\n\t\t\t\t\t<strong>Lezley Rodriguez  &#8212; G\u00e9n\u00e9raliste en ressources humaines, \u00c9tats-Unis<\/strong>\n\t\t\t\t<\/cite>\n\t\t\t\n\t\t<\/blockquote>\n\n\t\t<\/p>\n<\/div>\n<\/div>\n<\/div>\n\n<\/li><\/ul>\n\t\t\t\t\n\t\t\t\t\t\t\t\t\t<div class=\"swiper-button-prev\"><\/div>\n\t\t\t\t\t<div class=\"swiper-button-next\"><\/div>\n\t\t\t\t\n            <\/div>\n\n\t\t\t<\/div>\n<\/div>\n\n\n\n<div class=\"wp-block-group alignfull has-neutral-accent-background-color has-background has-global-padding is-layout-constrained wp-container-core-group-is-layout-a9fe067c wp-block-group-is-layout-constrained\" style=\"margin-top:0;margin-bottom:0;padding-top:var(--wp--preset--spacing--x-large);padding-bottom:var(--wp--preset--spacing--xx-large);--octopods-group-z-index:2\">\n<h2 class=\"wp-block-heading has-text-align-center\">Foire Aux Questions<\/h2>\n\n\n\n<div class=\"wp-block-columns is-layout-flex wp-container-core-columns-is-layout-28f84493 wp-block-columns-is-layout-flex\">\n<div class=\"wp-block-column is-layout-flow wp-container-core-column-is-layout-0a386c5a wp-block-column-is-layout-flow\">\n<h3 class=\"wp-block-heading has-text-align-center\">Proc\u00e9dure de candidature<\/h3>\n\n\n\n<div class=\"wp-block-getwid-accordion has-icon-left\" data-active-element=\"none\">\n<div class=\"wp-block-getwid-accordion__header-wrapper\"><span class=\"wp-block-getwid-accordion__header\"><a href=\"#\"><span class=\"wp-block-getwid-accordion__header-title\">Comment postuler au sein d&#8217;I-care ?<\/span><span class=\"wp-block-getwid-accordion__icon is-active\"><i class=\"fas fa-plus\"><\/i><\/span><span class=\"wp-block-getwid-accordion__icon is-passive\"><i class=\"fas fa-minus\"><\/i><\/span><\/a><\/span><\/div><div class=\"wp-block-getwid-accordion__content-wrapper\"><div class=\"wp-block-getwid-accordion__content\">\n<p>Tous les postes \u00e0 pourvoir sont publi\u00e9s sur les pages du site consacr\u00e9es aux carri\u00e8res. Vous pouvez cliquer sur le pays de votre choix et consulter la liste des postes \u00e0 pourvoir \u00e0 un moment donn\u00e9. Vous pouvez \u00e9galement filtrer les diff\u00e9rentes subdivisions pour obtenir une meilleure vue des emplois correspondant le plus \u00e0 vos comp\u00e9tences.<\/p>\n\n\n\n<p>\u00c0 partir de l\u00e0, vous pouvez remplir le formulaire et soumettre votre candidature.<\/p>\n<\/div><\/div>\n\n\n\n<div class=\"wp-block-getwid-accordion__header-wrapper\"><span class=\"wp-block-getwid-accordion__header\"><a href=\"#\"><span class=\"wp-block-getwid-accordion__header-title\">Puis-je postuler \u00e0 plusieurs emplois au sein d&#8217;I-care ?<\/span><span class=\"wp-block-getwid-accordion__icon is-active\"><i class=\"fas fa-plus\"><\/i><\/span><span class=\"wp-block-getwid-accordion__icon is-passive\"><i class=\"fas fa-minus\"><\/i><\/span><\/a><\/span><\/div><div class=\"wp-block-getwid-accordion__content-wrapper\"><div class=\"wp-block-getwid-accordion__content\">\n<p>Oui, mais ce n&#8217;est pas n\u00e9cessaire. Nous examinerons votre candidature et essaierons de trouver la personne la plus apte \u00e0 occuper l&#8217;un des postes vacants actuels ou \u00e0 venir.<\/p>\n<\/div><\/div>\n\n\n\n<div class=\"wp-block-getwid-accordion__header-wrapper\"><span class=\"wp-block-getwid-accordion__header\"><a href=\"#\"><span class=\"wp-block-getwid-accordion__header-title\">Quel est le statut de ma demande d&#8217;emploi ?<\/span><span class=\"wp-block-getwid-accordion__icon is-active\"><i class=\"fas fa-plus\"><\/i><\/span><span class=\"wp-block-getwid-accordion__icon is-passive\"><i class=\"fas fa-minus\"><\/i><\/span><\/a><\/span><\/div><div class=\"wp-block-getwid-accordion__content-wrapper\"><div class=\"wp-block-getwid-accordion__content\">\n<p>Apr\u00e8s avoir rempli la candidature en ligne pour un emploi au sein d&#8217;I-care, vous aurez la possibilit\u00e9 de cr\u00e9er un profil personnel dans le portail de carri\u00e8re. Apr\u00e8s avoir cr\u00e9\u00e9 un profil, vous pouvez vous connecter et consulter l&#8217;\u00e9tat de votre candidature.<\/p>\n<\/div><\/div>\n\n\n\n<div class=\"wp-block-getwid-accordion__header-wrapper\"><span class=\"wp-block-getwid-accordion__header\"><a href=\"#\"><span class=\"wp-block-getwid-accordion__header-title\">I-care propose-t-il des emplois \u00e0 distance ?<\/span><span class=\"wp-block-getwid-accordion__icon is-active\"><i class=\"fas fa-plus\"><\/i><\/span><span class=\"wp-block-getwid-accordion__icon is-passive\"><i class=\"fas fa-minus\"><\/i><\/span><\/a><\/span><\/div><div class=\"wp-block-getwid-accordion__content-wrapper\"><div class=\"wp-block-getwid-accordion__content\">\n<p>Compte tenu de la pand\u00e9mie de COVID-19, les employ\u00e9s qui ne sont pas tenus de se rendre sur les sites des clients travaillent actuellement principalement \u00e0 domicile. En temps normal, la plupart des employ\u00e9s travaillent sur place. Nous pensons que le partage des connaissances, l&#8217;innovation et la collaboration sont meilleurs lorsque nous nous rencontrons en personne, mais nous reconnaissons que certaines t\u00e2ches peuvent \u00eatre accomplies tout aussi efficacement en dehors du bureau. Les directives d&#8217;I-care en mati\u00e8re de travail \u00e0 domicile combinent le travail au bureau et le travail \u00e0 distance, car nous pensons que ces deux types de travail pr\u00e9sentent des avantages pour les individus, l&#8217;entreprise et l&#8217;environnement.<\/p>\n<\/div><\/div>\n<\/div>\n<\/div>\n\n\n\n<div class=\"wp-block-column is-layout-flow wp-container-core-column-is-layout-0a386c5a wp-block-column-is-layout-flow\">\n<h3 class=\"wp-block-heading has-text-align-center\">Proc\u00e9dure <br>d&#8217;entretien<\/h3>\n\n\n\n<div class=\"wp-block-getwid-accordion has-icon-left\" data-active-element=\"none\">\n<div class=\"wp-block-getwid-accordion__header-wrapper\"><span class=\"wp-block-getwid-accordion__header\"><a href=\"#\"><span class=\"wp-block-getwid-accordion__header-title\">I-care contribue-t-il \u00e0 la formation continue et au d\u00e9veloppement ?<\/span><span class=\"wp-block-getwid-accordion__icon is-active\"><i class=\"fas fa-plus\"><\/i><\/span><span class=\"wp-block-getwid-accordion__icon is-passive\"><i class=\"fas fa-minus\"><\/i><\/span><\/a><\/span><\/div><div class=\"wp-block-getwid-accordion__content-wrapper\"><div class=\"wp-block-getwid-accordion__content\">\n<p>Nous soutenons l&#8217;apprentissage tout au long de la vie pour tous les employ\u00e9s, individuellement et collectivement, quel que soit leur r\u00f4le au sein de l&#8217;entreprise. Pour ce faire, nous proposons une combinaison appropri\u00e9e de formations, de certifications et d&#8217;exp\u00e9riences d&#8217;apprentissage sur le terrain. En collaboration avec le d\u00e9partement \u00ab Apprentissage et d\u00e9veloppement \u00bb, les employ\u00e9s sont habilit\u00e9s \u00e0 piloter en permanence leur propre d\u00e9veloppement afin de soutenir au mieux notre entreprise et nos clients. Notre offre couvre le d\u00e9veloppement dans le domaine des comp\u00e9tences techniques, ainsi que dans le domaine des comp\u00e9tences non techniques et du d\u00e9veloppement du leadership (personnel).<\/p>\n<\/div><\/div>\n\n\n\n<div class=\"wp-block-getwid-accordion__header-wrapper\"><span class=\"wp-block-getwid-accordion__header\"><a href=\"#\"><span class=\"wp-block-getwid-accordion__header-title\">Quand recevrai-je une r\u00e9ponse apr\u00e8s avoir postul\u00e9 \u00e0 un emploi au sein d&#8217;I-care ?<\/span><span class=\"wp-block-getwid-accordion__icon is-active\"><i class=\"fas fa-plus\"><\/i><\/span><span class=\"wp-block-getwid-accordion__icon is-passive\"><i class=\"fas fa-minus\"><\/i><\/span><\/a><\/span><\/div><div class=\"wp-block-getwid-accordion__content-wrapper\"><div class=\"wp-block-getwid-accordion__content\">\n<p>Un recruteur d&#8217;I-care vous contactera dans les deux semaines si nous avons des questions concernant votre candidature ou si nous souhaitons organiser un entretien. La plupart du temps, vous serez contact\u00e9 dans les 48 heures.<\/p>\n<\/div><\/div>\n\n\n\n<div class=\"wp-block-getwid-accordion__header-wrapper\"><span class=\"wp-block-getwid-accordion__header\"><a href=\"#\"><span class=\"wp-block-getwid-accordion__header-title\">Comment se d\u00e9roule le processus d&#8217;entretien avec I-care ?<\/span><span class=\"wp-block-getwid-accordion__icon is-active\"><i class=\"fas fa-plus\"><\/i><\/span><span class=\"wp-block-getwid-accordion__icon is-passive\"><i class=\"fas fa-minus\"><\/i><\/span><\/a><\/span><\/div><div class=\"wp-block-getwid-accordion__content-wrapper\"><div class=\"wp-block-getwid-accordion__content\">\n<p>I-care est fier de sa structure organisationnelle lean et de ses processus commerciaux efficaces. Le processus de recrutement consiste en un premier entretien de pr\u00e9sentation avec un membre de l&#8217;\u00e9quipe de recrutement, au cours duquel nous \u00e9valuons vos ant\u00e9c\u00e9dents, vos comp\u00e9tences techniques de base et votre compatibilit\u00e9 avec l&#8217;esprit I-care. <\/p>\n\n\n\n<p>Le deuxi\u00e8me et dernier entretien a lieu avec le responsable du recrutement, souvent votre chef d&#8217;\u00e9quipe et\/ou un directeur de d\u00e9partement et un membre de l&#8217;\u00e9quipe de recrutement. Au cours de cet entretien, nous approfondissons vos comp\u00e9tences techniques, votre motivation et votre ambition \u00e0 long terme.<\/p>\n\n\n\n<p>Pour les emplois sur le terrain, nous pouvons \u00e9galement vous inviter \u00e0 visiter le site d&#8217;un client, afin de vous montrer en direct en quoi consiste pr\u00e9cis\u00e9ment notre travail.<\/p>\n<\/div><\/div>\n\n\n\n<div class=\"wp-block-getwid-accordion__header-wrapper\"><span class=\"wp-block-getwid-accordion__header\"><a href=\"#\"><span class=\"wp-block-getwid-accordion__header-title\">Qui examinera ma candidature ?<\/span><span class=\"wp-block-getwid-accordion__icon is-active\"><i class=\"fas fa-plus\"><\/i><\/span><span class=\"wp-block-getwid-accordion__icon is-passive\"><i class=\"fas fa-minus\"><\/i><\/span><\/a><\/span><\/div><div class=\"wp-block-getwid-accordion__content-wrapper\"><div class=\"wp-block-getwid-accordion__content\">\n<p>Un sp\u00e9cialiste du recrutement examinera votre CV et votre lettre de motivation. Il est possible qu&#8217;un responsable du recrutement soit impliqu\u00e9 dans cette \u00e9tape.<\/p>\n<\/div><\/div>\n<\/div>\n<\/div>\n\n\n\n<div class=\"wp-block-column is-layout-flow wp-container-core-column-is-layout-0a386c5a wp-block-column-is-layout-flow\">\n<h3 class=\"wp-block-heading has-text-align-center\">Information personnelle<\/h3>\n\n\n\n<div class=\"wp-block-getwid-accordion has-icon-left\" data-active-element=\"none\">\n<div class=\"wp-block-getwid-accordion__header-wrapper\"><span class=\"wp-block-getwid-accordion__header\"><a href=\"#\"><span class=\"wp-block-getwid-accordion__header-title\">Comment puis-je demander la suppression de mes donn\u00e9es personnelles ?<\/span><span class=\"wp-block-getwid-accordion__icon is-active\"><i class=\"fas fa-plus\"><\/i><\/span><span class=\"wp-block-getwid-accordion__icon is-passive\"><i class=\"fas fa-minus\"><\/i><\/span><\/a><\/span><\/div><div class=\"wp-block-getwid-accordion__content-wrapper\"><div class=\"wp-block-getwid-accordion__content\">\n<p>\u00c9tant donn\u00e9 que vous avez cr\u00e9\u00e9 un compte personnel dans notre syst\u00e8me de suivi des candidatures lorsque vous avez postul\u00e9 pour un emploi, vous \u00eates le propri\u00e9taire de vos donn\u00e9es personnelles dans ce syst\u00e8me. Vous pouvez ajouter, modifier ou supprimer votre compte \u00e0 tout moment.<\/p>\n<\/div><\/div>\n\n\n\n<div class=\"wp-block-getwid-accordion__header-wrapper\"><span class=\"wp-block-getwid-accordion__header\"><a href=\"#\"><span class=\"wp-block-getwid-accordion__header-title\">Combien de temps I-care conserve-t-il mes donn\u00e9es personnelles ?<\/span><span class=\"wp-block-getwid-accordion__icon is-active\"><i class=\"fas fa-plus\"><\/i><\/span><span class=\"wp-block-getwid-accordion__icon is-passive\"><i class=\"fas fa-minus\"><\/i><\/span><\/a><\/span><\/div><div class=\"wp-block-getwid-accordion__content-wrapper\"><div class=\"wp-block-getwid-accordion__content\">\n<p>Vos donn\u00e9es ne sont conserv\u00e9es que pendant la p\u00e9riode n\u00e9cessaire au recrutement et au respect des r\u00e8gles. Pour en savoir plus sur la dur\u00e9e de conservation des donn\u00e9es \u00e0 caract\u00e8re personnel, veuillez consulter notre avis de confidentialit\u00e9 pour les candidats \u00e0 l&#8217;emploi.<\/p>\n<\/div><\/div>\n<\/div>\n<\/div>\n<\/div>\n<\/div>\n\n\n\n<div class=\"wp-block-group alignfull has-base-color has-text-color has-link-color wp-elements-203b07d0ce10f1860a1d9b5f18898dc1 has-global-padding is-layout-constrained wp-block-group-is-layout-constrained\" style=\"margin-top:0;margin-bottom:0;padding-top:var(--wp--preset--spacing--large);padding-bottom:var(--wp--preset--spacing--large);--octopods-group-overlay-gradient:linear-gradient(245deg, rgba(32,39,97,0.82) 0%, #0E1132 87%);--octopods-group-background-image:url(https:\/\/www.icareweb.com\/wp-content\/uploads\/2024\/08\/dscf8660.jpg);--octopods-group-background-position:50% 50%;--octopods-group-background-size:cover;--octopods-group-background-repeat:no-repeat;--octopods-group-background-attachment:scroll\">\n<h2 class=\"wp-block-heading has-text-align-center\">Pr\u00eat \u00e0 passer \u00e0 la vitesse sup\u00e9rieure ?<\/h2>\n\n\n\n<div class=\"wp-block-buttons is-content-justification-center is-layout-flex wp-container-core-buttons-is-layout-a89b3969 wp-block-buttons-is-layout-flex\">\n<div class=\"wp-block-button\"><a rel=\"noreferrer noopener\" target=\"_blank\" href=\"https:\/\/jobpage.cvwarehouse.com\/?companyGuid=a24ffcf5-b5fa-4bd8-87e6-f2f6b7d967c8&#038;lang=en-US\" class=\"wp-block-button__link has-secondary-background-color has-background has-border-color has-secondary-border-color wp-element-button\">D\u00e9couvrir nos postes vacants<\/a><\/div>\n<\/div>\n<\/div>\n","protected":false},"excerpt":{"rendered":"<p>Vivre. Travailler. Grandir. I-care est en route pour devenir le leader mondial des solutions de maintenance pr\u00e9dictive et prescriptive. Nous recherchons des candidats qui sont ax\u00e9s sur leur mission, qui sont ax\u00e9s sur les donn\u00e9es et qui, par-dessus tout, ont un \u00e9tat d&#8217;esprit de croissance. Nous sommes fiers d&#8217;embaucher des personnes talentueuses venant de tous [&hellip;]<\/p>\n","protected":false},"author":23,"featured_media":0,"parent":0,"menu_order":0,"comment_status":"closed","ping_status":"closed","template":"","meta":{"_acf_changed":false,"_seopress_robots_primary_cat":"","_seopress_titles_title":"","_seopress_titles_desc":"D\u00e9couvrez nos offres d'emploi mondiales en op\u00e9rations, ventes, datascience et plus, et rejoignez l'\u00e9quipe I-care.","_seopress_robots_index":"","content-type":"","inline_featured_image":false,"footnotes":""},"page_category":[162],"class_list":{"0":"post-3794","1":"page","2":"type-page","3":"status-publish","5":"page_category-website-pages"},"acf":[],"_links":{"self":[{"href":"https:\/\/www.icareweb.com\/fr\/wp-json\/wp\/v2\/pages\/3794","targetHints":{"allow":["GET"]}}],"collection":[{"href":"https:\/\/www.icareweb.com\/fr\/wp-json\/wp\/v2\/pages"}],"about":[{"href":"https:\/\/www.icareweb.com\/fr\/wp-json\/wp\/v2\/types\/page"}],"author":[{"embeddable":true,"href":"https:\/\/www.icareweb.com\/fr\/wp-json\/wp\/v2\/users\/23"}],"replies":[{"embeddable":true,"href":"https:\/\/www.icareweb.com\/fr\/wp-json\/wp\/v2\/comments?post=3794"}],"version-history":[{"count":0,"href":"https:\/\/www.icareweb.com\/fr\/wp-json\/wp\/v2\/pages\/3794\/revisions"}],"wp:attachment":[{"href":"https:\/\/www.icareweb.com\/fr\/wp-json\/wp\/v2\/media?parent=3794"}],"wp:term":[{"taxonomy":"page_category","embeddable":true,"href":"https:\/\/www.icareweb.com\/fr\/wp-json\/wp\/v2\/page_category?post=3794"}],"curies":[{"name":"wp","href":"https:\/\/api.w.org\/{rel}","templated":true}]}}