{"id":28832,"date":"2022-04-02T12:47:52","date_gmt":"2022-04-02T10:47:52","guid":{"rendered":"https:\/\/www.icareweb.com\/privacy-policy\/"},"modified":"2026-03-16T08:14:30","modified_gmt":"2026-03-16T07:14:30","slug":"politica-sulla-privacy","status":"publish","type":"page","link":"https:\/\/www.icareweb.com\/it\/politica-sulla-privacy\/","title":{"rendered":"Politica sulla privacy"},"content":{"rendered":"\n<div class=\"wp-block-group alignfull icare-hero is-style-shade-left-bottom has-background has-global-padding is-layout-constrained wp-block-group-is-layout-constrained\" style=\"background:linear-gradient(270deg,rgba(247,248,252,0.45) 0%,rgb(247,248,253) 64%);margin-top:0;margin-bottom:0;padding-top:var(--wp--preset--spacing--medium);padding-bottom:var(--wp--preset--spacing--medium);--octopods-group-overlay-color:#1a3469;--octopods-group-overflow:hidden;--octopods-group-position:relative\">\n<div style=\"height:150px\" aria-hidden=\"true\" class=\"wp-block-spacer block-visibility-hide-small-screen\"><\/div>\n\n\n\n<div style=\"height:45px\" aria-hidden=\"true\" class=\"wp-block-spacer block-visibility-hide-large-screen block-visibility-hide-medium-screen\"><\/div>\n\n\n\n<div class=\"wp-block-group icare-hero__content has-global-padding is-layout-constrained wp-container-core-group-is-layout-da8ab678 wp-block-group-is-layout-constrained\" style=\"padding-top:var(--wp--preset--spacing--large);--octopods-group-z-index:2;aspect-ratio:unset;\">\n<div class=\"wp-block-group is-layout-flow wp-block-group-is-layout-flow\">\n<h1 class=\"wp-block-heading has-text-align-center\">Politica sulla Privacy<\/h1>\n\n\n\n<p class=\"has-text-align-center\" style=\"font-size:clamp(0.875rem, 0.875rem + ((1vw - 0.2rem) * 0.531), 1.3rem);\"><\/p>\n\n\n\n<hr class=\"wp-block-separator has-text-color has-secondary-color has-alpha-channel-opacity has-secondary-background-color has-background is-style-default\"\/>\n\n\n\n<div style=\"height:30px\" aria-hidden=\"true\" class=\"wp-block-spacer block-visibility-hide-small-screen\"><\/div>\n<\/div>\n<\/div>\n<\/div>\n\n\n\n<div class=\"wp-block-group has-global-padding is-layout-constrained wp-block-group-is-layout-constrained\" style=\"padding-top:var(--wp--preset--spacing--large);padding-bottom:var(--wp--preset--spacing--large)\">\n<div class=\"wp-block-group has-global-padding is-layout-constrained wp-block-group-is-layout-constrained\" style=\"margin-top:var(--wp--preset--spacing--x-small);margin-bottom:var(--wp--preset--spacing--x-small);padding-top:var(--wp--preset--spacing--x-small);padding-bottom:var(--wp--preset--spacing--x-small)\">\n<h3 class=\"wp-block-heading\"><strong>Identi<\/strong>t\u00e0<\/h3>\n\n\n\n<p>Questo \u00e8 il sito web del Gruppo I-care\u2122.<\/p>\n\n\n\n<p>I-care Group (\u201cI-care Group\u201d o il \u201cGruppo\u201d) si riferisce a I-care Holding SA, una societ\u00e0 costituita e operante secondo le leggi del Belgio, con sede legale in Rue Ren\u00e9 Descartes 18, B-7000 Mons, Belgio, registrata presso il Registro Centrale delle Imprese (BCE) con il numero 0682.567.719, e le sue filiali, dove per \u201cFiliali\u201d si intendono le societ\u00e0 sotto il controllo di I-care Holding SA. \u201cControllo\u201d significa il possesso, diretto o indiretto, del potere di dirigere o determinare la direzione della gestione o delle politiche di una societ\u00e0, sia attraverso la capacit\u00e0 di esercitare pi\u00f9 del 50% dei poteri di voto nell&#8217;assemblea generale di tale societ\u00e0, per contratto o in altro modo, e \u201ccontrollante\u201d e \u201ccontrollato\u201d hanno significati correlati.<\/p>\n\n\n\n<p>Le nostre informazioni legali di contatto per la presente Politica sulla Privacy:<\/p>\n\n\n\n<p>I-care\u2122 SRL (\u201cI-care SRL\u201d)<\/p>\n\n\n\n<p>Rue Ren\u00e9 Descartes, 18 \u2013 7000 Mons, Belgio<\/p>\n\n\n\n<p>+32 65 45 72 14 \u2013&nbsp;<a href=\"mailto:info@www.icareweb.com\">info@icareweb.com<\/a><\/p>\n\n\n\n<p>BCE : 0867.368.951<\/p>\n\n\n\n<p>VAT : BE0867.368.951<\/p>\n\n\n\n<p>I-care SRL \u00e8 una filiale interamente controllata da I-care Holding SA.<\/p>\n\n\n\n<p>Il nostro Privacy Manager pu\u00f2 essere contattato a:&nbsp;<a href=\"mailto:privacy@www.icareweb.com\">privacy@icareweb.com<\/a><\/p>\n\n\n\n<p>Ultimo aggiornamento: Settembre 2022&nbsp;<\/p>\n<\/div>\n\n\n\n<div class=\"wp-block-group has-global-padding is-layout-constrained wp-block-group-is-layout-constrained\" style=\"margin-top:var(--wp--preset--spacing--x-small);margin-bottom:var(--wp--preset--spacing--x-small);padding-top:var(--wp--preset--spacing--x-small);padding-bottom:var(--wp--preset--spacing--x-small)\">\n<h3 class=\"wp-block-heading\"><strong>I<\/strong>ntroduzione<\/h3>\n\n\n\n<p>Il business di I-care consiste in una famiglia di marchi e servizi, tutti focalizzati sulle esigenze del settore manifatturiero e della manutenzione industriale. I-care Group si impegna a fornire al suo pubblico informazioni pertinenti e adeguate per promuovere le migliori pratiche nel settore della manifattura e della manutenzione industriale.<\/p>\n\n\n\n<p>I-care Group \u00e8 preoccupata per le questioni relative alla privacy e desidera che tu sia informato su come raccogliamo, elaboriamo, utilizziamo e proteggiamo le informazioni.<\/p>\n\n\n\n<p>I-care SRL \u00e8 il titolare del trattamento responsabile per l&#8217;elaborazione dei dati personali tramite questo sito web. Il titolare del trattamento \u00e8 I-care SRL, che, da sola o congiuntamente con le filiali del Gruppo o altri, determina le finalit\u00e0 e i mezzi del trattamento dei tuoi dati personali.<\/p>\n\n\n\n<p>Questa politica sulla privacy descrive le nostre pratiche riguardo a come raccogliamo, elaboriamo, utilizziamo e proteggiamo le informazioni personali che ci fornisci quando visiti il nostro sito web e le nostre pagine sui social media, utilizzi le nostre app o ci contatti.<\/p>\n<\/div>\n\n\n\n<div class=\"wp-block-group has-global-padding is-layout-constrained wp-block-group-is-layout-constrained\" style=\"margin-top:var(--wp--preset--spacing--x-small);margin-bottom:var(--wp--preset--spacing--x-small);padding-top:var(--wp--preset--spacing--x-small);padding-bottom:var(--wp--preset--spacing--x-small)\">\n<h3 class=\"wp-block-heading\">Dati personali<\/h3>\n\n\n\n<p>I-care Group rispetta la tua privacy e i tuoi dati personali, in conformit\u00e0 con il regolamento UE 2016\/679, noto anche come Regolamento Generale sulla Protezione dei Dati (GDPR), in vigore dal 25 maggio 2018. Secondo il GDPR, i dati personali sono informazioni mediante le quali un individuo pu\u00f2 essere identificato personalmente, inclusi nome, indirizzo, indirizzo e-mail, numero di telefono o qualsiasi altra informazione definita come dato personale, come ad esempio l&#8217;indirizzo IP.<\/p>\n\n\n\n<p>Ti chiediamo di non fornirci &#8220;dati sensibili&#8221;, ovvero dati che riguardano l&#8217;origine razziale o etnica, le opinioni politiche, le credenze religiose o filosofiche, l&#8217;appartenenza a sindacati, i dati genetici, o i dati relativi alla salute o alla vita sessuale. I dati sensibili verranno trattati solo se resi pubblici da te in modo manifesto. In caso contrario, non intendiamo trattare dati sensibili.<\/p>\n<\/div>\n\n\n\n<div class=\"wp-block-group has-global-padding is-layout-constrained wp-block-group-is-layout-constrained\" style=\"margin-top:var(--wp--preset--spacing--x-small);margin-bottom:var(--wp--preset--spacing--x-small);padding-top:var(--wp--preset--spacing--x-small);padding-bottom:var(--wp--preset--spacing--x-small)\">\n<h3 class=\"wp-block-heading\">Scopo e consenso<\/h3>\n\n\n\n<p>Questa Politica sulla Privacy si applica a tutti i soggetti interessati che interagiscono con I-care Group, escludendo i dipendenti del Gruppo per i quali si fa riferimento alla specifica politica HR.<\/p>\n\n\n\n<p>Fornendoci informazioni personali, comprendi e accetti la raccolta, il trattamento, il trasferimento internazionale e l&#8217;uso di tali dati. Ove richiesto dalla legge applicabile, richiederemo il tuo consenso esplicito. Puoi sempre opporti all&#8217;uso dei tuoi dati personali per finalit\u00e0 di marketing diretto o revocare qualsiasi consenso precedentemente concesso per uno scopo specifico seguendo le istruzioni nella sezione sottostante \u201cI Tuoi Diritti\u201d.<\/p>\n<\/div>\n\n\n\n<div class=\"wp-block-group has-global-padding is-layout-constrained wp-block-group-is-layout-constrained\" style=\"margin-top:var(--wp--preset--spacing--x-small);margin-bottom:var(--wp--preset--spacing--x-small);padding-top:var(--wp--preset--spacing--x-small);padding-bottom:var(--wp--preset--spacing--x-small)\">\n<h3 class=\"wp-block-heading\">Raccolta dei dati<\/h3>\n\n\n\n<p>Raccogliamo informazioni personali sui soggetti interessati da diverse fonti. Quando visiti il nostro sito web o ci contatti, ad esempio tramite e-mail, modulo web o registrazione a eventi\/newsletter, le informazioni personali che ci fornisci vengono archiviate. Raccogliamo, tra l&#8217;altro, le seguenti informazioni personali:<\/p>\n\n\n\n<ul class=\"wp-block-list\">\n<li>Nome e cognome<\/li>\n\n\n\n<li>Indirizzo e-mail<\/li>\n\n\n\n<li>Numero di telefono<\/li>\n\n\n\n<li>Azienda\/organizzazione per conto della quale viene effettuata la richiesta<\/li>\n\n\n\n<li>Lingua preferita per la comunicazione<\/li>\n\n\n\n<li>Indirizzo IP<\/li>\n\n\n\n<li>Informazioni sull&#8217;uso del sito web<\/li>\n<\/ul>\n\n\n\n<p>I tuoi dati personali sono raccolti, trattati e condivisi in modo equo e lecito, per scopi specifici. Tali scopi e relative basi giuridiche sono definiti di seguito.<\/p>\n<\/div>\n\n\n\n<div class=\"wp-block-group has-global-padding is-layout-constrained wp-block-group-is-layout-constrained\" style=\"margin-top:var(--wp--preset--spacing--x-small);margin-bottom:var(--wp--preset--spacing--x-small);padding-top:var(--wp--preset--spacing--x-small);padding-bottom:var(--wp--preset--spacing--x-small)\">\n<h3 class=\"wp-block-heading\">Scopo della raccolta dati <\/h3>\n\n\n\n<p>Raccogliamo e trattiamo informazioni personali sui soggetti interessati per i seguenti scopi, e per altri scopi compatibili:<\/p>\n\n\n\n<ul class=\"wp-block-list\">\n<li>Offrire i nostri servizi ed eseguire i contratti che abbiamo (o avremo) con te;<\/li>\n\n\n\n<li>Inviare comunicazioni di natura commerciale o non commerciale, inclusi il marketing diretto;<\/li>\n\n\n\n<li>Tenerti informato sugli sviluppi rilevanti;<\/li>\n\n\n\n<li>Gestione clienti;<\/li>\n\n\n\n<li>Miglioramento del sito web: manutenzione, personalizzazione e ottimizzazione del sito;<\/li>\n\n\n\n<li>Gestione e risoluzione dei reclami;<\/li>\n\n\n\n<li>Rilevazione e protezione contro frodi, errori, comportamenti criminali o illegali e\/o qualsiasi altro atto contrario alle condizioni di utilizzo del nostro sito web.<\/li>\n<\/ul>\n\n\n\n<p>I-care Group tratta e conserva i tuoi dati personali per il tempo richiesto dalla legge.<\/p>\n<\/div>\n\n\n\n<div class=\"wp-block-group has-global-padding is-layout-constrained wp-block-group-is-layout-constrained\" style=\"margin-top:var(--wp--preset--spacing--x-small);margin-bottom:var(--wp--preset--spacing--x-small);padding-top:var(--wp--preset--spacing--x-small);padding-bottom:var(--wp--preset--spacing--x-small)\">\n<h3 class=\"wp-block-heading\"><br><br><strong>Basi Giuridiche per la Raccolta dei Dati<\/strong><\/h3>\n\n\n\n<p>Raccogliamo e trattiamo sempre informazioni personali sui soggetti interessati in base a una delle seguenti basi legali:<\/p>\n\n\n\n<ul class=\"wp-block-list\">\n<li><strong>Obbligo legale<\/strong> <em>(GDPR, art. 6, par. 1, (c))<\/em>: il trattamento dei dati personali \u00e8 necessario per adempiere a un obbligo legale.<\/li>\n\n\n\n<li><strong>Esecuzione di un contratto<\/strong> <em>(GDPR, art. 6, par. 1, (b))<\/em>: il trattamento dei dati personali \u00e8 necessario per eseguire un contratto o per compiere azioni preliminari alla stipula di un contratto. I-care Group utilizza i tuoi dati personali per adempiere ai propri obblighi contrattuali e\/o legali e gestire il rapporto contrattuale nell&#8217;ambito dell&#8217;esecuzione di un accordo.<\/li>\n\n\n\n<li><strong>Interesse legittimo<\/strong> <em>(GDPR, art. 6, par. 1, (f))<\/em>: I-care Group o una terza parte ha un interesse legittimo a trattare i dati personali, in linea con le consuete attivit\u00e0 commerciali di I-care Group, a condizione che tale interesse legittimo non incida in modo significativo sui tuoi diritti e libert\u00e0. I-care Group utilizza i tuoi dati personali per svolgere attivit\u00e0 legate al business, rafforzare le relazioni con i clienti e offrire prodotti e\/o servizi (nuovi). Questo include l&#8217;invio di e-mail relative ai servizi per informarti su prodotti\/servizi, eventi e newsletter correlati. Potrebbero essere condotte analisi a fini di marketing diretto. Se la base legale per il trattamento \u00e8 il nostro interesse legittimo per il marketing diretto, ti contatteremo per richiedere il tuo consenso (opt-in) per ulteriori comunicazioni commerciali e l&#8217;uso di cookie commerciali sul sito.<\/li>\n\n\n\n<li><strong>Consenso<\/strong> <em>(GDPR, art. 6, par. 1, (a))<\/em>: hai fornito il tuo consenso a I-care Group per trattare i tuoi dati personali, ad esempio quando ti iscrivi alla nostra newsletter.<\/li>\n<\/ul>\n\n\n\n<p>Per facilitare l&#8217;uso del nostro sito web utilizziamo i \u201ccookie\u201d. I cookie sono piccoli file di testo che il tuo browser pu\u00f2 salvare sul disco rigido del tuo computer e sono utili per l&#8217;utilizzo del nostro sito web. Maggiori informazioni sui cookie sono disponibili nella nostra politica sui cookie.<\/p>\n<\/div>\n\n\n\n<div class=\"wp-block-group has-global-padding is-layout-constrained wp-block-group-is-layout-constrained\" style=\"margin-top:var(--wp--preset--spacing--x-small);margin-bottom:var(--wp--preset--spacing--x-small);padding-top:var(--wp--preset--spacing--x-small);padding-bottom:var(--wp--preset--spacing--x-small)\">\n<h3 class=\"wp-block-heading\"><strong>Sicurezza delle Informazioni&nbsp;<\/strong><\/h3>\n\n\n\n<p>Applichiamo misure tecniche, fisiche e organizzative adeguate, progettate per proteggere ragionevolmente le informazioni personali, come il controllo degli accessi e le procedure di backup. I tuoi dati saranno archiviati su server sicuri situati nell&#8217;Europa occidentale. In questo modo, possiamo proteggere i dati personali che ci fornisci da perdite, usi impropri, alterazioni o distruzioni.<\/p>\n<\/div>\n\n\n\n<div class=\"wp-block-group has-global-padding is-layout-constrained wp-block-group-is-layout-constrained\" style=\"margin-top:var(--wp--preset--spacing--x-small);margin-bottom:var(--wp--preset--spacing--x-small);padding-top:var(--wp--preset--spacing--x-small);padding-bottom:var(--wp--preset--spacing--x-small)\">\n<h3 class=\"wp-block-heading\">Condivisione dei dati <\/h3>\n\n\n\n<p>Il Gruppo I-care garantir\u00e0 sempre che i tuoi dati personali siano resi disponibili solo alle persone che ne hanno effettivamente bisogno.<\/p>\n\n\n\n<p>I dati personali trattati possono essere scambiati tra le diverse entit\u00e0 del Gruppo I-care situate in diversi Paesi. Questo non include trasferimenti di dati verso Paesi ufficialmente considerati inadeguati dal punto di vista delle normative sulla privacy. I dati possono essere condivisi anche con altri responsabili del trattamento o contitolari che ci forniscono servizi, a condizione che facciano parte di una professione regolamentata (contabili, revisori, avvocati) o abbiano confermato di rispettare le normative e i requisiti del GDPR. Nel caso in cui tali responsabili del trattamento si trovino in Paesi considerati inadeguati dal punto di vista delle normative sulla privacy, adotteremo misure per garantire che i tuoi dati personali ricevano un livello adeguato di protezione, come Regole aziendali vincolanti, Clausole contrattuali standard o i Quadri di protezione della privacy UE\/Svizzera-USA, o altrimenti chiederemo il tuo permesso specifico.<\/p>\n\n\n\n<p>Potremmo anche rendere disponibili dati personali riguardanti individui alle autorit\u00e0 pubbliche o giudiziarie, al personale delle forze dell&#8217;ordine e alle agenzie come richiesto dalla legge, anche per soddisfare requisiti di sicurezza nazionale o di applicazione della legge, e includendo agenzie e tribunali nei Paesi in cui operiamo.<\/p>\n\n\n\n<p>Laddove consentito dalla legge, potremmo divulgare tali informazioni a terzi (inclusi consulenti legali) quando necessario per l&#8217;accertamento, l&#8217;esercizio o la difesa di rivendicazioni legali o per far valere altrimenti i nostri diritti, proteggere la nostra propriet\u00e0 o i diritti, la propriet\u00e0 o la sicurezza di altri, o se necessario per supportare audit esterni, conformit\u00e0 e funzioni di governance aziendale.<\/p>\n\n\n\n<p>Fusioni e acquisizioni \u2013 finanza aziendale: i dati personali possono essere trasferiti a una parte che acquisisce tutte o parte delle partecipazioni o degli asset del Gruppo I-care o delle sue operazioni aziendali in caso di vendita, fusione, liquidazione, scioglimento, quotazione in borsa o altro, o a una parte che fornisce finanziamenti al Gruppo I-care<\/p>\n<\/div>\n\n\n\n<div class=\"wp-block-group has-global-padding is-layout-constrained wp-block-group-is-layout-constrained\" style=\"margin-top:var(--wp--preset--spacing--x-small);margin-bottom:var(--wp--preset--spacing--x-small);padding-top:var(--wp--preset--spacing--x-small);padding-bottom:var(--wp--preset--spacing--x-small)\">\n<h3 class=\"wp-block-heading\">Conservazione dei dati<\/h3>\n\n\n\n<p>Una volta che ci fornisci i tuoi dati personali, questi verranno trattati e conservati nelle banche dati del Gruppo I-care. I tuoi dati personali potrebbero essere soggetti a periodi di conservazione previsti dalle normative legali, nel qual caso i documenti e i dati devono essere conservati inalterati e disponibili per i periodi specificati dalla legislazione nazionale. <\/p>\n<\/div>\n\n\n\n<div class=\"wp-block-group has-global-padding is-layout-constrained wp-block-group-is-layout-constrained\" style=\"margin-top:var(--wp--preset--spacing--x-small);margin-bottom:var(--wp--preset--spacing--x-small);padding-top:var(--wp--preset--spacing--x-small);padding-bottom:var(--wp--preset--spacing--x-small)\">\n<h3 class=\"wp-block-heading\">Social Media e Networks<\/h3>\n\n\n\n<p>Quando utilizzi i pulsanti social Facebook, LinkedIn e\/o YouTube, i dati relativi alla tua identificazione vengono automaticamente comunicati a questi social network. [Hai anche la possibilit\u00e0 di condividere su social network alcune informazioni o contenuti presenti su questo sito.] Questo utilizzo \u00e8 regolato dalle condizioni d&#8217;uso dei suddetti social network, che ti invitiamo a consultare.<\/p>\n<\/div>\n\n\n\n<div class=\"wp-block-group has-global-padding is-layout-constrained wp-block-group-is-layout-constrained\" style=\"margin-top:var(--wp--preset--spacing--x-small);margin-bottom:var(--wp--preset--spacing--x-small);padding-top:var(--wp--preset--spacing--x-small);padding-bottom:var(--wp--preset--spacing--x-small)\">\n<h3 class=\"wp-block-heading\">I tuoi diritti<\/h3>\n\n\n\n<p>Hai i seguenti diritti in qualsiasi momento:<\/p>\n\n\n\n<p><strong>Diritto di accesso<\/strong>: senza dover fornire alcuna motivazione, hai il diritto di richiedere informazioni sui tuoi dati memorizzati presso di noi, di accedere ai tuoi dati personali e di ottenerne una copia. La tua richiesta non comporter\u00e0 costi, ad eccezione delle eventuali spese di connessione del tuo provider internet.<\/p>\n\n\n\n<p><strong>Diritto di rettifica\/cancellazione\/restrizione del trattamento<\/strong>: il diritto di bloccare, correggere, rimuovere o limitare i dati raccolti su di te se sono soddisfatte le condizioni legali.<\/p>\n\n\n\n<p><strong>Diritto di opposizione<\/strong>: il diritto di opporsi, in determinate circostanze, al trattamento ulteriore dei tuoi dati personali, se sono soddisfatte le condizioni legali.<\/p>\n\n\n\n<p><strong>Diritto di revoca del consenso<\/strong>: il diritto di revocare, senza alcuna motivazione, il consenso alla raccolta e all&#8217;uso dei tuoi dati, o di revocare il permesso per l&#8217;invio di newsletter e altre comunicazioni pubblicitarie dirette.<\/p>\n\n\n\n<p><strong>Diritto alla portabilit\u00e0 dei dati<\/strong>: il diritto di ottenere i tuoi dati personali che ci hai fornito in un formato leggibile da macchina e di trasferirli a un altro responsabile del trattamento.<\/p>\n\n\n\n<p>Per esercitare i tuoi diritti puoi contattare il nostro responsabile della privacy via email all&#8217;indirizzo <strong><a>privacy@icareweb.com<\/a><\/strong>.<\/p>\n\n\n\n<p>In caso di richiesta, ci impegniamo a rispondere senza indebito ritardo, e comunque entro un mese dal ricevimento della tua richiesta.<\/p>\n\n\n\n<p>Quando invii tali richieste, dovrai fornirci una prova adeguata della tua identit\u00e0 (ad esempio: una copia del tuo passaporto o carta d&#8217;identit\u00e0).<\/p>\n\n\n\n<p>Possiamo rifiutare richieste che siano irragionevoli o che possano compromettere la privacy di altre persone, o se l&#8217;accesso non \u00e8 richiesto dalla legislazione applicabile.<\/p>\n\n\n\n<p>Se I-care Group non risponde in modo soddisfacente alle tue domande, richieste o preoccupazioni, puoi anche presentare un reclamo all&#8217;autorit\u00e0 di controllo, senza pregiudizio di altre azioni amministrative o legali:<\/p>\n\n\n\n<p><strong>Autorit\u00e0 belga per la protezione dei dati<\/strong> <\/p>\n\n\n\n<p>Drukpersstraat 35, 1000 Bruxelles<\/p>\n\n\n\n<ul class=\"wp-block-list\">\n<li>Tel. +32 (0) 2 274 48 00<\/li>\n\n\n\n<li>Fax: +32 (0) 2 274 48 35<\/li>\n\n\n\n<li>Email:&nbsp;<a href=\"mailto:contact@apd-gba.be\">contact@apd-gba.be<\/a><\/li>\n\n\n\n<li>Website : www.autoriteprotectiondonnees.be<\/li>\n<\/ul>\n<\/div>\n\n\n\n<div class=\"wp-block-group has-global-padding is-layout-constrained wp-block-group-is-layout-constrained\" style=\"margin-top:var(--wp--preset--spacing--x-small);margin-bottom:var(--wp--preset--spacing--x-small);padding-top:var(--wp--preset--spacing--x-small);padding-bottom:var(--wp--preset--spacing--x-small)\">\n<h3 class=\"wp-block-heading\">Privacy dei minori<\/h3>\n\n\n\n<p>Questi servizi non si rivolgono a persone di et\u00e0 inferiore ai 16 anni. Non raccogliamo consapevolmente informazioni personali identificabili da bambini di et\u00e0 inferiore ai 16 anni. Se scopriamo che un bambino sotto i 16 anni ci ha fornito informazioni personali, le elimineremo immediatamente dai nostri server. Se sei un genitore o tutore e sei a conoscenza del fatto che tuo figlio ci ha fornito informazioni personali, ti preghiamo di contattarci affinch\u00e9 possiamo prendere le azioni necessarie.<\/p>\n<\/div>\n\n\n\n<div class=\"wp-block-group has-global-padding is-layout-constrained wp-block-group-is-layout-constrained\" style=\"margin-top:var(--wp--preset--spacing--x-small);margin-bottom:var(--wp--preset--spacing--x-small);padding-top:var(--wp--preset--spacing--x-small);padding-bottom:var(--wp--preset--spacing--x-small)\">\n<h3 class=\"wp-block-heading\">Politica sulla privacy di terze parti<\/h3>\n\n\n\n<p>La nostra politica sulla privacy di I-care Group non si applica ad altri inserzionisti, siti web, strumenti, plugin o cookie. Ti consigliamo quindi di leggere attentamente le rispettive politiche di protezione dei dati o politiche sulla privacy di queste terze parti per maggiori informazioni dettagliate. Potrebbero includere le loro pratiche e le istruzioni su come disattivare determinate opzioni.<\/p>\n<\/div>\n\n\n\n<div class=\"wp-block-group has-global-padding is-layout-constrained wp-block-group-is-layout-constrained\" style=\"margin-top:var(--wp--preset--spacing--x-small);margin-bottom:var(--wp--preset--spacing--x-small);padding-top:var(--wp--preset--spacing--x-small);padding-bottom:var(--wp--preset--spacing--x-small)\">\n<h3 class=\"wp-block-heading\">Limitazione di responsabilit\u00e0<\/h3>\n\n\n\n<p>I-care Group adotta tutte le misure ragionevoli per garantire la riservatezza dei dati personali comunicati. Tuttavia, riconosci che la trasmissione di dati personali tramite Internet non \u00e8 mai priva di rischi. Nella misura massima consentita dalla legge, accetti pertanto che qualsiasi danno diretto o indiretto che potresti subire a seguito di un uso illecito o improprio dei tuoi dati personali da parte di terzi non autorizzati, non possa essere imputato n\u00e9 recuperato da I-care Group.<\/p>\n<\/div>\n\n\n\n<div class=\"wp-block-group has-global-padding is-layout-constrained wp-block-group-is-layout-constrained\" style=\"margin-top:var(--wp--preset--spacing--x-small);margin-bottom:var(--wp--preset--spacing--x-small);padding-top:var(--wp--preset--spacing--x-small);padding-bottom:var(--wp--preset--spacing--x-small)\">\n<h3 class=\"wp-block-heading\">Modifiche alla presente Privacy Policy<\/h3>\n\n\n\n<p>Potremmo aggiornare di tanto in tanto la nostra politica sulla privacy. Le modifiche saranno effettuate pubblicando la nuova politica sulla privacy su questa pagina. Le modifiche sono efficaci immediatamente dopo la pubblicazione su questa pagina. Ti consigliamo quindi di controllare periodicamente questa pagina per eventuali modifiche.<\/p>\n<\/div>\n\n\n\n<div class=\"wp-block-group has-global-padding is-layout-constrained wp-block-group-is-layout-constrained\" style=\"margin-top:var(--wp--preset--spacing--x-small);margin-bottom:var(--wp--preset--spacing--x-small);padding-top:var(--wp--preset--spacing--x-small);padding-bottom:var(--wp--preset--spacing--x-small)\">\n<h3 class=\"wp-block-heading\">Contattaci<\/h3>\n\n\n\n<p>Se hai domande o suggerimenti sulla nostra politica sulla privacy, non esitare a contattarci all&#8217;indirizzo&nbsp;<a href=\"mailto:privacy@www.icareweb.com\">privacy@icareweb.com<\/a><\/p>\n\n\n\n<p><a href=\"https:\/\/jobpage.cvwarehouse.com\/?companyGuid=a24ffcf5-b5fa-4bd8-87e6-f2f6b7d967c8&amp;lang=en-US\" target=\"_blank\" rel=\"noreferrer noopener\"><\/a><\/p>\n<\/div>\n<\/div>\n","protected":false},"excerpt":{"rendered":"<p>Identit\u00e0 Questo \u00e8 il sito web del Gruppo I-care\u2122. I-care Group (\u201cI-care Group\u201d o il \u201cGruppo\u201d) si riferisce a I-care Holding SA, una societ\u00e0 costituita e operante secondo le leggi del Belgio, con sede legale in Rue Ren\u00e9 Descartes 18, B-7000 Mons, Belgio, registrata presso il Registro Centrale delle Imprese (BCE) con il numero 0682.567.719, [&hellip;]<\/p>\n","protected":false},"author":23,"featured_media":0,"parent":0,"menu_order":0,"comment_status":"closed","ping_status":"closed","template":"","meta":{"_acf_changed":false,"_seopress_robots_primary_cat":"","_seopress_titles_title":"","_seopress_titles_desc":"","_seopress_robots_index":"","content-type":"","inline_featured_image":false,"footnotes":""},"page_category":[162],"class_list":{"0":"post-28832","1":"page","2":"type-page","3":"status-publish","5":"page_category-website-pages"},"acf":[],"_links":{"self":[{"href":"https:\/\/www.icareweb.com\/it\/wp-json\/wp\/v2\/pages\/28832","targetHints":{"allow":["GET"]}}],"collection":[{"href":"https:\/\/www.icareweb.com\/it\/wp-json\/wp\/v2\/pages"}],"about":[{"href":"https:\/\/www.icareweb.com\/it\/wp-json\/wp\/v2\/types\/page"}],"author":[{"embeddable":true,"href":"https:\/\/www.icareweb.com\/it\/wp-json\/wp\/v2\/users\/23"}],"replies":[{"embeddable":true,"href":"https:\/\/www.icareweb.com\/it\/wp-json\/wp\/v2\/comments?post=28832"}],"version-history":[{"count":1,"href":"https:\/\/www.icareweb.com\/it\/wp-json\/wp\/v2\/pages\/28832\/revisions"}],"predecessor-version":[{"id":91185,"href":"https:\/\/www.icareweb.com\/it\/wp-json\/wp\/v2\/pages\/28832\/revisions\/91185"}],"wp:attachment":[{"href":"https:\/\/www.icareweb.com\/it\/wp-json\/wp\/v2\/media?parent=28832"}],"wp:term":[{"taxonomy":"page_category","embeddable":true,"href":"https:\/\/www.icareweb.com\/it\/wp-json\/wp\/v2\/page_category?post=28832"}],"curies":[{"name":"wp","href":"https:\/\/api.w.org\/{rel}","templated":true}]}}